{"id":631,"date":"2019-10-01T15:49:25","date_gmt":"2019-10-01T15:49:25","guid":{"rendered":"http:\/\/rayoflightthemes.com\/WordPressThemes\/Political_Activism_WordPress_Theme\/?post_type=tribe_events&#038;p=631"},"modified":"2025-03-25T09:55:13","modified_gmt":"2025-03-25T08:55:13","slug":"3-rentree-cefp-22102021","status":"publish","type":"tribe_events","link":"https:\/\/cefp.in\/en\/evenements\/3-rentree-cefp-22102021\/","title":{"rendered":"Le CEFP fait sa rentr\u00e9e !"},"content":{"rendered":"<div  class=\"tribe-events-schedule tribe-clearfix\" >\n\t<h2 class=\"tribe-events-schedule__datetime\">\n\t\t<span class=\"tribe-events-schedule__date tribe-events-schedule__date--start\">\n\t\t\t22 October 2021\t\t<\/span>\n\n\t\t\t\t\t<span class=\"tribe-events-schedule__separator tribe-events-schedule__separator--date\">\n\t\t\t\t &#8211;\t\t\t<\/span>\n\t\t\t<span class=\"tribe-events-schedule__time tribe-events-schedule__time--start\">\n\t\t\t\t19h00\t\t\t<\/span>\n\t\t\n\t\t\t\t\t\t\t\t\t<span class=\"tribe-events-schedule__separator tribe-events-schedule__separator--time\">\n\t\t\t\t\t &#8211; \t\t\t\t<\/span>\n\t\t\t\n\t\t\t\t\t\t\t<span class=\"tribe-events-schedule__time tribe-events-schedule__time--end\">\n\t\t\t\t\t22h30\t\t\t\t<\/span>\n\t\t\t\n\t\t\t\t\t\t<\/h2>\n<\/div>\n\n\n<div class=\"tribe-events-event-image\"><img fetchpriority=\"high\" decoding=\"async\" width=\"1920\" height=\"604\" src=\"https:\/\/cefp.in\/wp-content\/uploads\/2019\/10\/bikeandbarrel_img3.jpeg\" class=\"attachment-full size-full wp-post-image\" alt=\"\" srcset=\"https:\/\/cefp.in\/wp-content\/uploads\/2019\/10\/bikeandbarrel_img3.jpeg 1920w, https:\/\/cefp.in\/wp-content\/uploads\/2019\/10\/bikeandbarrel_img3-300x94.jpeg 300w, https:\/\/cefp.in\/wp-content\/uploads\/2019\/10\/bikeandbarrel_img3-1024x322.jpeg 1024w, https:\/\/cefp.in\/wp-content\/uploads\/2019\/10\/bikeandbarrel_img3-768x242.jpeg 768w, https:\/\/cefp.in\/wp-content\/uploads\/2019\/10\/bikeandbarrel_img3-1536x483.jpeg 1536w, https:\/\/cefp.in\/wp-content\/uploads\/2019\/10\/bikeandbarrel_img3-254x80.jpeg 254w, https:\/\/cefp.in\/wp-content\/uploads\/2019\/10\/bikeandbarrel_img3-210x66.jpeg 210w, https:\/\/cefp.in\/wp-content\/uploads\/2019\/10\/bikeandbarrel_img3-330x104.jpeg 330w, https:\/\/cefp.in\/wp-content\/uploads\/2019\/10\/bikeandbarrel_img3-250x79.jpeg 250w, https:\/\/cefp.in\/wp-content\/uploads\/2019\/10\/bikeandbarrel_img3-600x189.jpeg 600w\" sizes=\"(max-width: 1920px) 100vw, 1920px\" \/><\/div>\n\n<h4 align=\"center\">Vous \u00eates entrepreneur.e \u00e0 Pondich\u00e9ry ? Vous cherchez \u00e0 conna\u00eetre d&#8217;autres entrepreneur.e.s ? A d\u00e9velopper votre r\u00e9seau de connaissances ?<\/h4>\n<p align=\"center\">Venez d\u00e9couvrir ce que le CEFP vous r\u00e9serve !<\/p>\n<table role=\"presentation\" width=\"100%\" cellspacing=\"0\" cellpadding=\"0\">\n<tbody>\n<tr>\n<td class=\"m_-419505954150744156hs_padded\">\n<div id=\"m_-419505954150744156hs_cos_wrapper_module_16336856806402\">\n<div id=\"m_-419505954150744156hs_cos_wrapper_module_16336856806402_\">\n<h2 align=\"center\">Au programme<\/h2>\n<\/div>\n<\/div>\n<\/td>\n<\/tr>\n<\/tbody>\n<\/table>\n<table role=\"presentation\" width=\"100%\" cellspacing=\"0\" cellpadding=\"0\">\n<tbody>\n<tr>\n<td class=\"m_-419505954150744156hs_padded\">\n<div id=\"m_-419505954150744156hs_cos_wrapper_module_16336855885091\">\n<div id=\"m_-419505954150744156hs_cos_wrapper_module_16336855885091_\">\n<ul>\n<li><strong>Venez\u00a0<\/strong><strong>pr\u00e9<\/strong><strong>-lancer le site internet :<\/strong>\u00a0le CEFP fait peau neuve et vous pr\u00e9sente son nouveau site internet avec un\u00a0<strong>annuaire interactif ;<\/strong><\/li>\n<li><strong>D\u00e9couvrez la n<\/strong><strong>ouvelle vision<\/strong><strong>\u00a0:<\/strong>\u00a0\u00a0nouvelles\u00a0<strong>activit\u00e9s<\/strong>, nouveau\u00a0<strong>mode d&#8217;adh\u00e9sion,\u00a0<\/strong>nouvelle\u00a0<strong>\u00e9quipe, etc<\/strong><strong>\u00a0;<\/strong><\/li>\n<li><strong>Brainstormons\u00a0<\/strong>ensemble\u00a0pour d\u00e9finir\u00a0<strong>la nouvelle orientation strat\u00e9gique du Club avec ses membres et pour ses membres ;<\/strong><\/li>\n<li><strong>Networkez<\/strong>\u00a0avec d&#8217;autres entrepreneur.e.s dans les secteurs du tourisme, de l&#8217;artisanat local, de l&#8217;IT, de l&#8217;industrie, de la restauration, de l&#8217;h\u00f4tellerie, etc ;<\/li>\n<li>Tout cela dans un\u00a0<strong>cadre\u00a0<\/strong><strong>d\u00e9contract\u00e9<\/strong><strong>\u00a0et une ambiance festive<\/strong>\u00a0avec\u00a0<strong>ap\u00e9ritifs et starters offerts par le Club et\u00a0<\/strong><strong>Goodies<\/strong>\u00a0a la cl\u00e9 !<\/li>\n<\/ul>\n<\/div>\n<\/div>\n<\/td>\n<\/tr>\n<\/tbody>\n<\/table>\n\n\t<div  class=\"tribe-block tribe-block__events-link\" >\n\t\t<div class=\"tribe-events tribe-common\">\n\t\t\t<div class=\"tribe-events-c-subscribe-dropdown__container\">\n\t\t\t\t<div class=\"tribe-events-c-subscribe-dropdown\">\n\t\t\t\t\t<div class=\"tribe-common-c-btn-border tribe-events-c-subscribe-dropdown__button\">\n\t\t\t\t\t\t<svg  class=\"tribe-common-c-svgicon tribe-common-c-svgicon--cal-export tribe-events-c-subscribe-dropdown__export-icon\"  viewBox=\"0 0 23 17\" xmlns=\"http:\/\/www.w3.org\/2000\/svg\">\n  <path fill-rule=\"evenodd\" clip-rule=\"evenodd\" d=\"M.128.896V16.13c0 .211.145.383.323.383h15.354c.179 0 .323-.172.323-.383V.896c0-.212-.144-.383-.323-.383H.451C.273.513.128.684.128.896Zm16 6.742h-.901V4.679H1.009v10.729h14.218v-3.336h.901V7.638ZM1.01 1.614h14.218v2.058H1.009V1.614Z\" \/>\n  <path d=\"M20.5 9.846H8.312M18.524 6.953l2.89 2.909-2.855 2.855\" stroke-width=\"1.2\" stroke-linecap=\"round\" stroke-linejoin=\"round\"\/>\n<\/svg>\n\t\t\t\t\t\t<button\n\t\t\t\t\t\t\tclass=\"tribe-events-c-subscribe-dropdown__button-text\"\n\t\t\t\t\t\t\taria-expanded=\"false\"\n\t\t\t\t\t\t\taria-controls=\"tribe-events-subscribe-dropdown-content\"\n\t\t\t\t\t\t\taria-label=\"\"\n\t\t\t\t\t\t>\n\t\t\t\t\t\t\tAdd to calendar\t\t\t\t\t\t<\/button>\n\t\t\t\t\t\t<svg  class=\"tribe-common-c-svgicon tribe-common-c-svgicon--caret-down tribe-events-c-subscribe-dropdown__button-icon\"  viewBox=\"0 0 10 7\" xmlns=\"http:\/\/www.w3.org\/2000\/svg\" aria-hidden=\"true\"><path fill-rule=\"evenodd\" clip-rule=\"evenodd\" d=\"M1.008.609L5 4.6 8.992.61l.958.958L5 6.517.05 1.566l.958-.958z\" class=\"tribe-common-c-svgicon__svg-fill\"\/><\/svg>\n\t\t\t\t\t<\/div>\n\t\t\t\t\t<div id=\"tribe-events-subscribe-dropdown-content\" class=\"tribe-events-c-subscribe-dropdown__content\">\n\t\t\t\t\t\t<ul class=\"tribe-events-c-subscribe-dropdown__list\">\n\t\t\t\t\t\t\t\t\t\t\t\t\t\t\t<li class=\"tribe-events-c-subscribe-dropdown__list-item\">\n\t\t\t\t\t\t\t\t\t<a\n\t\t\t\t\t\t\t\t\t\thref=\"https:\/\/www.google.com\/calendar\/event?action=TEMPLATE&#038;dates=20211022T190000\/20211022T223000&#038;text=Le%20CEFP%20fait%20sa%20rentr%C3%A9e%20%21&#038;details=%3Ch4+align%3D%22center%22%3EVous+%C3%AAtes+entrepreneur.e+%C3%A0+Pondich%C3%A9ry+%3F+Vous+cherchez+%C3%A0+conna%C3%AEtre+d%27autres+entrepreneur.e.s+%3F+A+d%C3%A9velopper+votre+r%C3%A9seau+de+connaissances+%3F%3C%2Fh4%3E%3Cp+align%3D%22center%22%3EVenez+d%C3%A9couvrir+ce+que+le+CEFP+vous+r%C3%A9serve+%21%3C%2Fp%3E+%3Ctable+role%3D%22presentation%22+width%3D%22100%25%22+cellspacing%3D%220%22+cellpadding%3D%220%22%3E%3Ctbody%3E%3Ctr%3E%3Ctd+class%3D%22m_-419505954150744156hs_padded%22%3E%3Cdiv+id%3D%22m_-419505954150744156hs_cos_wrapper_module_16336856806402%22%3E%3Cdiv+id%3D%22m_-419505954150744156hs_cos_wrapper_module_16336856806402_%22%3E%3Ch2+align%3D%22center%22%3EAu+programme%3C%2Fh2%3E%3C%2Fdiv%3E%3C%2Fdiv%3E%3C%2Ftd%3E%3C%2Ftr%3E%3C%2Ftbody%3E%3C%2Ftable%3E%3Ctable+role%3D%22presentation%22+width%3D%22100%25%22+cellspacing%3D%220%22+cellpadding%3D%220%22%3E%3Ctbody%3E%3Ctr%3E%3Ctd+class%3D%22m_-419505954150744156hs_padded%22%3E%3Cdiv+id%3D%22m_-419505954150744156hs_cos_wrapper_module_16336855885091%22%3E%3Cdiv+id%3D%22m_-419505954150744156hs_cos_wrapper_module_16336855885091_%22%3E%3Cul%3E%3Cli%3E%3Cstrong%3EVenez%C2%A0%3C%2Fstrong%3E%3Cstrong%3Epr%C3%A9%3C%2Fstrong%3E%3Cstrong%3E-lancer+le+site+internet+%3A%3C%2Fstrong%3E%C2%A0le+CEFP+fait+peau+neuve+et+vous+p%3C%2Fli%3E%3C%2Ful%3E%3C%2Fdiv%3E%3C%2Fdiv%3E%3C%2Ftd%3E%3C%2Ftr%3E%3C%2Ftbody%3E%3C%2Ftable%3E+%28View+Full+event+Description+Here%3A+https%3A%2F%2Fcefp.in%2Fen%2Fevenements%2F3-rentree-cefp-22102021%2F%29&#038;location=Bike%20and%20barrel,%20residency%20towers%20Pondicherry,%20388,%20Anna%20Salai,%20Puducherry,%20Puducherry,%20605001,%20Inde&#038;trp=false&#038;ctz=UTC+0&#038;sprop=website:https:\/\/cefp.in\/en\"\n\t\t\t\t\t\t\t\t\t\tclass=\"tribe-events-c-subscribe-dropdown__list-item-link\"\n\t\t\t\t\t\t\t\t\t\ttarget=\"_blank\"\n\t\t\t\t\t\t\t\t\t\trel=\"noopener noreferrer nofollow noindex\"\n\t\t\t\t\t\t\t\t\t>\n\t\t\t\t\t\t\t\t\t\tGoogle Calendar\t\t\t\t\t\t\t\t\t<\/a>\n\t\t\t\t\t\t\t\t<\/li>\n\t\t\t\t\t\t\t\t\t\t\t\t\t\t\t<li class=\"tribe-events-c-subscribe-dropdown__list-item\">\n\t\t\t\t\t\t\t\t\t<a\n\t\t\t\t\t\t\t\t\t\thref=\"\"\n\t\t\t\t\t\t\t\t\t\tclass=\"tribe-events-c-subscribe-dropdown__list-item-link\"\n\t\t\t\t\t\t\t\t\t\ttarget=\"_blank\"\n\t\t\t\t\t\t\t\t\t\trel=\"noopener noreferrer nofollow noindex\"\n\t\t\t\t\t\t\t\t\t>\n\t\t\t\t\t\t\t\t\t\tiCalendar\t\t\t\t\t\t\t\t\t<\/a>\n\t\t\t\t\t\t\t\t<\/li>\n\t\t\t\t\t\t\t\t\t\t\t\t\t\t\t<li class=\"tribe-events-c-subscribe-dropdown__list-item\">\n\t\t\t\t\t\t\t\t\t<a\n\t\t\t\t\t\t\t\t\t\thref=\"\"\n\t\t\t\t\t\t\t\t\t\tclass=\"tribe-events-c-subscribe-dropdown__list-item-link\"\n\t\t\t\t\t\t\t\t\t\ttarget=\"_blank\"\n\t\t\t\t\t\t\t\t\t\trel=\"noopener noreferrer nofollow noindex\"\n\t\t\t\t\t\t\t\t\t>\n\t\t\t\t\t\t\t\t\t\tOutlook 365\t\t\t\t\t\t\t\t\t<\/a>\n\t\t\t\t\t\t\t\t<\/li>\n\t\t\t\t\t\t\t\t\t\t\t\t\t\t\t<li class=\"tribe-events-c-subscribe-dropdown__list-item\">\n\t\t\t\t\t\t\t\t\t<a\n\t\t\t\t\t\t\t\t\t\thref=\"\"\n\t\t\t\t\t\t\t\t\t\tclass=\"tribe-events-c-subscribe-dropdown__list-item-link\"\n\t\t\t\t\t\t\t\t\t\ttarget=\"_blank\"\n\t\t\t\t\t\t\t\t\t\trel=\"noopener noreferrer nofollow noindex\"\n\t\t\t\t\t\t\t\t\t>\n\t\t\t\t\t\t\t\t\t\tOutlook Live\t\t\t\t\t\t\t\t\t<\/a>\n\t\t\t\t\t\t\t\t<\/li>\n\t\t\t\t\t\t\t\t\t\t\t\t\t<\/ul>\n\t\t\t\t\t<\/div>\n\t\t\t\t<\/div>\n\t\t\t<\/div>\n\t\t<\/div>\n\t<\/div>\n\n\n\n<div  class=\"tribe-events-single-section tribe-events-event-meta primary tribe-clearfix\" >\n\t\n\t\n<div class=\"tribe-events-meta-group tribe-events-meta-group-details\">\n\t<h3 class=\"tribe-events-single-section-title\">\n\t\t\t\t\tDetails\t\t\n\t<\/h3>\n\t<dl>\n\n\t\t\n\t\t\t<dt> Date: <\/dt>\n\t\t\t<dd>\n\t\t\t\t<abbr class=\"tribe-events-abbr tribe-events-start-date published dtstart\" title=\"2021-10-22\"> 22 October 2021 <\/abbr>\n\t\t\t<\/dd>\n\n\t\t\t<dt> Time: <\/dt>\n\t\t\t<dd>\n\t\t\t\t<div class=\"tribe-events-abbr tribe-events-start-time published dtstart\" title=\"2021-10-22\">\n\t\t\t\t\t19h00 &#8211; 22h30\t\t\t\t\t\t\t\t\t<\/div>\n\t\t\t<\/dd>\n\n\t\t\n\t\t\n\t\t\n\t\t\n\t\t\n\t\t\n\t\t\t<\/dl>\n<\/div>\n\t\n\t<\/div>\n\n\n<div  class=\"tribe-block tribe-block__venue tribe-clearfix tribe-block__venue--has-map\" >\n\t\n\t\n<div class=\"tribe-block__venue__meta\">\n\t<div class=\"tribe-block__venue__name\">\n\t\t<h3>Bike and barrel, residency towers Pondicherry<\/h3>\n\t<\/div>\n\n\t\n\t\t\t<address class=\"tribe-block__venue__address\">\n\t\t\t<span class=\"tribe-address\">\n\n<span class=\"tribe-street-address\">388, Anna Salai<\/span>\n\t\n\t\t<br>\n\t\t<span class=\"tribe-locality\">Puducherry<\/span><span class=\"tribe-delimiter\">,<\/span>\n\n\t<abbr class=\"tribe-region tribe-events-abbr\" title=\"Puducherry\">Puducherry<\/abbr>\n\n\t<span class=\"tribe-postal-code\">605001<\/span>\n\n\t<span class=\"tribe-country-name\">Inde<\/span>\n\n<\/span>\n\n\t\t\t\t\t\t\t<a class=\"tribe-events-gmap\" href=\"https:\/\/maps.google.com\/maps?f=q&#038;source=s_q&#038;hl=en&#038;geocode=&#038;q=388%2C+Anna+Salai+Puducherry+Puducherry+605001+Inde\" title=\"Click to view a Google Map\" target=\"_blank\" rel=\"noreferrer noopener\">+ Google Map<\/a>\t\t\t\t\t<\/address>\n\t\n\t\n\t\n\t<\/div>\n\t\n<div class=\"tribe-block__venue__map\">\n\t<div id=\"tribe-events-gmap-0\" style=\"height: 256px; width: 310px\" aria-hidden=\"true\"><\/div><!-- #tribe-events-gmap- -->\n<\/div>\n\n\t<\/div>\n","protected":false},"excerpt":{"rendered":"<p>Vous \u00eates entrepreneur.e \u00e0 Pondich\u00e9ry ? Vous cherchez \u00e0 conna\u00eetre d&#8217;autres entrepreneur.e.s ? A d\u00e9velopper votre r\u00e9seau de connaissances ? Venez d\u00e9couvrir ce que le CEFP vous r\u00e9serve ! Au [&hellip;]<\/p>\n","protected":false},"author":1,"featured_media":963,"comment_status":"open","ping_status":"closed","template":"","meta":{"_EventAllDay":false,"_EventTimezone":"UTC+0","_EventStartDate":"2021-10-22 19:00:00","_EventEndDate":"2021-10-22 22:30:00","_EventStartDateUTC":"2021-10-22 19:00:00","_EventEndDateUTC":"2021-10-22 22:30:00","_EventShowMap":true,"_EventShowMapLink":true,"_EventURL":"","_EventCost":"","_EventCostDescription":"","_EventCurrencySymbol":"","_EventCurrencyCode":"","_EventCurrencyPosition":"prefix","_EventDateTimeSeparator":"","_EventTimeRangeSeparator":"","_EventOrganizerID":[],"_EventVenueID":[965],"_OrganizerEmail":"","_OrganizerPhone":"","_OrganizerWebsite":"","_VenueAddress":"","_VenueCity":"","_VenueCountry":"","_VenueProvince":"","_VenueState":"","_VenueZip":"","_VenuePhone":"","_VenueURL":"","_VenueStateProvince":"","_VenueLat":"","_VenueLng":"","_VenueShowMap":false,"_VenueShowMapLink":false,"_tribe_events_status":"","_tribe_events_status_reason":"","footnotes":""},"tags":[],"tribe_events_cat":[],"class_list":["post-631","tribe_events","type-tribe_events","status-publish","has-post-thumbnail","hentry"],"yoast_head":"<!-- This site is optimized with the Yoast SEO plugin v27.4 - https:\/\/yoast.com\/product\/yoast-seo-wordpress\/ -->\n<title>Le CEFP fait sa rentr\u00e9e ! - CEFP<\/title>\n<meta name=\"robots\" content=\"index, follow, max-snippet:-1, max-image-preview:large, max-video-preview:-1\" \/>\n<link rel=\"canonical\" href=\"https:\/\/cefp.in\/en\/evenements\/3-rentree-cefp-22102021\/\" \/>\n<meta property=\"og:locale\" content=\"en_GB\" \/>\n<meta property=\"og:type\" content=\"article\" \/>\n<meta property=\"og:title\" content=\"Le CEFP fait sa rentr\u00e9e ! - CEFP\" \/>\n<meta property=\"og:description\" content=\"Vous \u00eates entrepreneur.e \u00e0 Pondich\u00e9ry ? Vous cherchez \u00e0 conna\u00eetre d&#8217;autres entrepreneur.e.s ? A d\u00e9velopper votre r\u00e9seau de connaissances ? Venez d\u00e9couvrir ce que le CEFP vous r\u00e9serve ! Au [&hellip;]\" \/>\n<meta property=\"og:url\" content=\"https:\/\/cefp.in\/en\/evenements\/3-rentree-cefp-22102021\/\" \/>\n<meta property=\"og:site_name\" content=\"CEFP\" \/>\n<meta property=\"article:modified_time\" content=\"2025-03-25T08:55:13+00:00\" \/>\n<meta property=\"og:image\" content=\"https:\/\/cefp.in\/wp-content\/uploads\/2019\/10\/bikeandbarrel_img3.jpeg\" \/>\n\t<meta property=\"og:image:width\" content=\"1920\" \/>\n\t<meta property=\"og:image:height\" content=\"604\" \/>\n\t<meta property=\"og:image:type\" content=\"image\/jpeg\" \/>\n<meta name=\"twitter:card\" content=\"summary_large_image\" \/>\n<meta name=\"twitter:label1\" content=\"Estimated reading time\" \/>\n\t<meta name=\"twitter:data1\" content=\"1 minute\" \/>\n<script type=\"application\/ld+json\" class=\"yoast-schema-graph\">{\"@context\":\"https:\\\/\\\/schema.org\",\"@graph\":[{\"@type\":\"WebPage\",\"@id\":\"https:\\\/\\\/cefp.in\\\/evenements\\\/3-rentree-cefp-22102021\\\/\",\"url\":\"https:\\\/\\\/cefp.in\\\/evenements\\\/3-rentree-cefp-22102021\\\/\",\"name\":\"Le CEFP fait sa rentr\u00e9e ! - CEFP\",\"isPartOf\":{\"@id\":\"https:\\\/\\\/cefp.in\\\/#website\"},\"primaryImageOfPage\":{\"@id\":\"https:\\\/\\\/cefp.in\\\/evenements\\\/3-rentree-cefp-22102021\\\/#primaryimage\"},\"image\":{\"@id\":\"https:\\\/\\\/cefp.in\\\/evenements\\\/3-rentree-cefp-22102021\\\/#primaryimage\"},\"thumbnailUrl\":\"https:\\\/\\\/cefp.in\\\/wp-content\\\/uploads\\\/2019\\\/10\\\/bikeandbarrel_img3.jpeg\",\"datePublished\":\"2019-10-01T15:49:25+00:00\",\"dateModified\":\"2025-03-25T08:55:13+00:00\",\"breadcrumb\":{\"@id\":\"https:\\\/\\\/cefp.in\\\/evenements\\\/3-rentree-cefp-22102021\\\/#breadcrumb\"},\"inLanguage\":\"en-GB\",\"potentialAction\":[{\"@type\":\"ReadAction\",\"target\":[\"https:\\\/\\\/cefp.in\\\/evenements\\\/3-rentree-cefp-22102021\\\/\"]}]},{\"@type\":\"ImageObject\",\"inLanguage\":\"en-GB\",\"@id\":\"https:\\\/\\\/cefp.in\\\/evenements\\\/3-rentree-cefp-22102021\\\/#primaryimage\",\"url\":\"https:\\\/\\\/cefp.in\\\/wp-content\\\/uploads\\\/2019\\\/10\\\/bikeandbarrel_img3.jpeg\",\"contentUrl\":\"https:\\\/\\\/cefp.in\\\/wp-content\\\/uploads\\\/2019\\\/10\\\/bikeandbarrel_img3.jpeg\",\"width\":1920,\"height\":604},{\"@type\":\"BreadcrumbList\",\"@id\":\"https:\\\/\\\/cefp.in\\\/evenements\\\/3-rentree-cefp-22102021\\\/#breadcrumb\",\"itemListElement\":[{\"@type\":\"ListItem\",\"position\":1,\"name\":\"Accueil\",\"item\":\"https:\\\/\\\/cefp.in\\\/fr\\\/\"},{\"@type\":\"ListItem\",\"position\":2,\"name\":\"\u00c9v\u00e8nements\",\"item\":\"https:\\\/\\\/cefp.in\\\/evenements\\\/\"},{\"@type\":\"ListItem\",\"position\":3,\"name\":\"Le CEFP fait sa rentr\u00e9e !\"}]},{\"@type\":\"WebSite\",\"@id\":\"https:\\\/\\\/cefp.in\\\/#website\",\"url\":\"https:\\\/\\\/cefp.in\\\/\",\"name\":\"CEFP\",\"description\":\"Club des Entrepreneurs Fran\u00e7ais de Pondich\u00e9ry\",\"potentialAction\":[{\"@type\":\"SearchAction\",\"target\":{\"@type\":\"EntryPoint\",\"urlTemplate\":\"https:\\\/\\\/cefp.in\\\/?s={search_term_string}\"},\"query-input\":{\"@type\":\"PropertyValueSpecification\",\"valueRequired\":true,\"valueName\":\"search_term_string\"}}],\"inLanguage\":\"en-GB\"}]}<\/script>\n<!-- \/ Yoast SEO plugin. -->","yoast_head_json":{"title":"Le CEFP fait sa rentr\u00e9e ! - CEFP","robots":{"index":"index","follow":"follow","max-snippet":"max-snippet:-1","max-image-preview":"max-image-preview:large","max-video-preview":"max-video-preview:-1"},"canonical":"https:\/\/cefp.in\/en\/evenements\/3-rentree-cefp-22102021\/","og_locale":"en_GB","og_type":"article","og_title":"Le CEFP fait sa rentr\u00e9e ! - CEFP","og_description":"Vous \u00eates entrepreneur.e \u00e0 Pondich\u00e9ry ? Vous cherchez \u00e0 conna\u00eetre d&#8217;autres entrepreneur.e.s ? A d\u00e9velopper votre r\u00e9seau de connaissances ? Venez d\u00e9couvrir ce que le CEFP vous r\u00e9serve ! Au [&hellip;]","og_url":"https:\/\/cefp.in\/en\/evenements\/3-rentree-cefp-22102021\/","og_site_name":"CEFP","article_modified_time":"2025-03-25T08:55:13+00:00","og_image":[{"width":1920,"height":604,"url":"https:\/\/cefp.in\/wp-content\/uploads\/2019\/10\/bikeandbarrel_img3.jpeg","type":"image\/jpeg"}],"twitter_card":"summary_large_image","twitter_misc":{"Estimated reading time":"1 minute"},"schema":{"@context":"https:\/\/schema.org","@graph":[{"@type":"WebPage","@id":"https:\/\/cefp.in\/evenements\/3-rentree-cefp-22102021\/","url":"https:\/\/cefp.in\/evenements\/3-rentree-cefp-22102021\/","name":"Le CEFP fait sa rentr\u00e9e ! - CEFP","isPartOf":{"@id":"https:\/\/cefp.in\/#website"},"primaryImageOfPage":{"@id":"https:\/\/cefp.in\/evenements\/3-rentree-cefp-22102021\/#primaryimage"},"image":{"@id":"https:\/\/cefp.in\/evenements\/3-rentree-cefp-22102021\/#primaryimage"},"thumbnailUrl":"https:\/\/cefp.in\/wp-content\/uploads\/2019\/10\/bikeandbarrel_img3.jpeg","datePublished":"2019-10-01T15:49:25+00:00","dateModified":"2025-03-25T08:55:13+00:00","breadcrumb":{"@id":"https:\/\/cefp.in\/evenements\/3-rentree-cefp-22102021\/#breadcrumb"},"inLanguage":"en-GB","potentialAction":[{"@type":"ReadAction","target":["https:\/\/cefp.in\/evenements\/3-rentree-cefp-22102021\/"]}]},{"@type":"ImageObject","inLanguage":"en-GB","@id":"https:\/\/cefp.in\/evenements\/3-rentree-cefp-22102021\/#primaryimage","url":"https:\/\/cefp.in\/wp-content\/uploads\/2019\/10\/bikeandbarrel_img3.jpeg","contentUrl":"https:\/\/cefp.in\/wp-content\/uploads\/2019\/10\/bikeandbarrel_img3.jpeg","width":1920,"height":604},{"@type":"BreadcrumbList","@id":"https:\/\/cefp.in\/evenements\/3-rentree-cefp-22102021\/#breadcrumb","itemListElement":[{"@type":"ListItem","position":1,"name":"Accueil","item":"https:\/\/cefp.in\/fr\/"},{"@type":"ListItem","position":2,"name":"\u00c9v\u00e8nements","item":"https:\/\/cefp.in\/evenements\/"},{"@type":"ListItem","position":3,"name":"Le CEFP fait sa rentr\u00e9e !"}]},{"@type":"WebSite","@id":"https:\/\/cefp.in\/#website","url":"https:\/\/cefp.in\/","name":"CEFP","description":"Club des Entrepreneurs Fran\u00e7ais de Pondich\u00e9ry","potentialAction":[{"@type":"SearchAction","target":{"@type":"EntryPoint","urlTemplate":"https:\/\/cefp.in\/?s={search_term_string}"},"query-input":{"@type":"PropertyValueSpecification","valueRequired":true,"valueName":"search_term_string"}}],"inLanguage":"en-GB"}]}},"_links":{"self":[{"href":"https:\/\/cefp.in\/en\/wp-json\/wp\/v2\/tribe_events\/631","targetHints":{"allow":["GET"]}}],"collection":[{"href":"https:\/\/cefp.in\/en\/wp-json\/wp\/v2\/tribe_events"}],"about":[{"href":"https:\/\/cefp.in\/en\/wp-json\/wp\/v2\/types\/tribe_events"}],"author":[{"embeddable":true,"href":"https:\/\/cefp.in\/en\/wp-json\/wp\/v2\/users\/1"}],"replies":[{"embeddable":true,"href":"https:\/\/cefp.in\/en\/wp-json\/wp\/v2\/comments?post=631"}],"version-history":[{"count":7,"href":"https:\/\/cefp.in\/en\/wp-json\/wp\/v2\/tribe_events\/631\/revisions"}],"predecessor-version":[{"id":3497,"href":"https:\/\/cefp.in\/en\/wp-json\/wp\/v2\/tribe_events\/631\/revisions\/3497"}],"wp:featuredmedia":[{"embeddable":true,"href":"https:\/\/cefp.in\/en\/wp-json\/wp\/v2\/media\/963"}],"wp:attachment":[{"href":"https:\/\/cefp.in\/en\/wp-json\/wp\/v2\/media?parent=631"}],"wp:term":[{"taxonomy":"post_tag","embeddable":true,"href":"https:\/\/cefp.in\/en\/wp-json\/wp\/v2\/tags?post=631"},{"taxonomy":"tribe_events_cat","embeddable":true,"href":"https:\/\/cefp.in\/en\/wp-json\/wp\/v2\/tribe_events_cat?post=631"}],"curies":[{"name":"wp","href":"https:\/\/api.w.org\/{rel}","templated":true}]}}