{"id":950,"date":"2021-10-20T20:51:55","date_gmt":"2021-10-20T18:51:55","guid":{"rendered":"http:\/\/cefp.damienberville.com\/?page_id=950"},"modified":"2025-07-24T10:12:46","modified_gmt":"2025-07-24T08:12:46","slug":"a-propos","status":"publish","type":"page","link":"https:\/\/cefp.in\/en\/a-propos\/","title":{"rendered":"Our Missions"},"content":{"rendered":"<div data-elementor-type=\"wp-page\" data-elementor-id=\"950\" class=\"elementor elementor-950\">\n\t\t\t\t<div class=\"elementor-element elementor-element-7c2e522b e-flex e-con-boxed e-con e-parent\" data-id=\"7c2e522b\" data-element_type=\"container\">\n\t\t\t\t\t<div class=\"e-con-inner\">\n\t\t\t\t<div class=\"elementor-element elementor-element-3ca8ea1 elementor-widget elementor-widget-heading\" data-id=\"3ca8ea1\" data-element_type=\"widget\" data-widget_type=\"heading.default\">\n\t\t\t\t<div class=\"elementor-widget-container\">\n\t\t\t\t\t<h2 class=\"elementor-heading-title elementor-size-default\">The CEFP in Brief<\/h2>\t\t\t\t<\/div>\n\t\t\t\t<\/div>\n\t\t\t\t<div class=\"elementor-element elementor-element-3392f64 elementor-widget elementor-widget-text-editor\" data-id=\"3392f64\" data-element_type=\"widget\" data-widget_type=\"text-editor.default\">\n\t\t\t\t<div class=\"elementor-widget-container\">\n\t\t\t\t\t\t\t\t\t<p style=\"text-align: left;\"><span style=\"color: #ff9900;\"><strong>About the CEFP<\/strong><\/span><br \/>Founded in November 2017 by Mr. Lo\u00efc Fremont of the association 'If All the Ports of the World' in Saint-Malo, along with a group of French business leaders, the French Entrepreneurs Club of Pondicherry (CEFP) has become the go-to network for entrepreneurs and project initiators within the French community in Pondicherry and across India<\/p>\n<p><span style=\"color: #ff9900;\"><strong>Our Goal<\/strong><\/span><br \/>The Club\u2019s mission is both clear and ambitious: to unite and support French entrepreneurs in Pondicherry as they grow and develop their ventures in India.<\/p>\n<p><span style=\"color: #ff9900;\"><strong>Our Missions<\/strong><\/span><br \/>The CEFP aims to build a strong network of French entrepreneurs in Pondicherry and across India, fostering synergies and the sharing of experiences. We organize workshops, training sessions, and friendly events to support the growth of your business.<br \/>Each year, the CEFP publishes a <strong data-start=\"701\" data-end=\"724\">activity report<\/strong> highlighting its initiatives, events, and major projects.<br \/>View the reports:<br \/><a href=\"https:\/\/drive.google.com\/file\/d\/1YuKha3wHA6iwpbuO2QnJMqKTuk1wSDrJ\/view?usp=drive_link\">Rapport d&#8217;activit\u00e9s 2024<\/a><br \/><a href=\"https:\/\/drive.google.com\/file\/d\/1fgcTkymcokjq8oUxVefOD1hkcNuOir6P\/view?usp=drive_link\">Rapport d&#8217;activit\u00e9s 2023<\/a><br \/><a href=\"https:\/\/drive.google.com\/file\/d\/1mBKIgCxwJbdE-jy5tyLjZZatrcDrSvja\/view?usp=drive_link\">Rapport d&#8217;activit\u00e9s 2022<\/a><\/p>\n<p><span style=\"color: #ff9900;\"><strong>Our Members<\/strong><\/span> <br \/>With over 50 active members from a wide range of sectors including tourism, hospitality, food service, IT, craftsmanship, sustainable development, wellness, and industry, the CEFP fosters a supportive community to guide new entrepreneurs and support the growth of existing businesses.<\/p>\n<p><span style=\"color: #ff9900;\"><strong>Join us<\/strong><\/span><br \/>Join a dynamic and supportive network of French entrepreneurs in Pondicherry. Boost your business, expand your network, and contribute to a flourishing community. <span style=\"text-decoration: underline;\"><a href=\"https:\/\/cefp.in\/en\/nous-rejoindre\/\">Join the CEFP today<\/a><\/span> !<\/p>\t\t\t\t\t\t\t\t<\/div>\n\t\t\t\t<\/div>\n\t\t\t\t<div class=\"elementor-element elementor-element-55dd464 elementor-widget elementor-widget-button\" data-id=\"55dd464\" data-element_type=\"widget\" data-widget_type=\"button.default\">\n\t\t\t\t<div class=\"elementor-widget-container\">\n\t\t\t\t\t\t\t\t\t<div class=\"elementor-button-wrapper\">\n\t\t\t\t\t<a class=\"elementor-button elementor-button-link elementor-size-sm\" href=\"https:\/\/cefp.in\/en\/#faq\">\n\t\t\t\t\t\t<span class=\"elementor-button-content-wrapper\">\n\t\t\t\t\t\t\t\t\t<span class=\"elementor-button-text\">Pour en savoir +<\/span>\n\t\t\t\t\t<\/span>\n\t\t\t\t\t<\/a>\n\t\t\t\t<\/div>\n\t\t\t\t\t\t\t\t<\/div>\n\t\t\t\t<\/div>\n\t\t\t\t<div class=\"elementor-element elementor-element-11b4ee8 elementor-widget-divider--view-line elementor-widget elementor-widget-divider\" data-id=\"11b4ee8\" data-element_type=\"widget\" data-widget_type=\"divider.default\">\n\t\t\t\t<div class=\"elementor-widget-container\">\n\t\t\t\t\t\t\t<div class=\"elementor-divider\">\n\t\t\t<span class=\"elementor-divider-separator\">\n\t\t\t\t\t\t<\/span>\n\t\t<\/div>\n\t\t\t\t\t\t<\/div>\n\t\t\t\t<\/div>\n\t\t\t\t<div class=\"elementor-element elementor-element-8bdbbce elementor-widget elementor-widget-heading\" data-id=\"8bdbbce\" data-element_type=\"widget\" data-widget_type=\"heading.default\">\n\t\t\t\t<div class=\"elementor-widget-container\">\n\t\t\t\t\t<h2 class=\"elementor-heading-title elementor-size-default\">D\u00e9couvrez l'\u00e9quipe du conseil d'administration<\/h2>\t\t\t\t<\/div>\n\t\t\t\t<\/div>\n\t\t\t\t<div class=\"elementor-element elementor-element-238b8632 elementor-widget elementor-widget-text-editor\" data-id=\"238b8632\" data-element_type=\"widget\" data-widget_type=\"text-editor.default\">\n\t\t\t\t<div class=\"elementor-widget-container\">\n\t\t\t\t\t\t\t\t\t\n<div class=\"wp-block-genesis-blocks-gb-columns gb-layout-team-1 gb-layout-columns-1 gb-1-col-equal gb-has-custom-background-color gb-columns-center alignfull\" style=\"background-color: #00000000; padding: 50px 5px 50px 5px;\">\n<div class=\"gb-layout-column-wrap gb-block-layout-column-gap-2 gb-is-responsive-column\" style=\"max-width: 1200px;\">\n<div class=\"wp-block-genesis-blocks-gb-column gb-block-layout-column\">\n<div class=\"gb-block-layout-column-inner\">\n<div class=\"wp-block-genesis-blocks-gb-container gb-block-container\" style=\"margin-bottom: 5%;\">\n<div class=\"gb-container-inside\">\n<div class=\"gb-container-content\" style=\"max-width: 700px; text-align: center;\"><strong>Au service des membres du club et plus !<\/strong><br \/>\n<p><img fetchpriority=\"high\" decoding=\"async\" class=\"alignnone size-medium wp-image-2258 aligncenter\" src=\"https:\/\/cefp.in\/wp-content\/uploads\/2023\/10\/WhatsApp-Image-2023-10-30-at-19.58.15-300x271.jpeg\" alt=\"\" width=\"300\" height=\"271\" srcset=\"https:\/\/cefp.in\/wp-content\/uploads\/2023\/10\/WhatsApp-Image-2023-10-30-at-19.58.15-300x271.jpeg 300w, https:\/\/cefp.in\/wp-content\/uploads\/2023\/10\/WhatsApp-Image-2023-10-30-at-19.58.15-1024x925.jpeg 1024w, https:\/\/cefp.in\/wp-content\/uploads\/2023\/10\/WhatsApp-Image-2023-10-30-at-19.58.15-768x694.jpeg 768w, https:\/\/cefp.in\/wp-content\/uploads\/2023\/10\/WhatsApp-Image-2023-10-30-at-19.58.15-254x229.jpeg 254w, https:\/\/cefp.in\/wp-content\/uploads\/2023\/10\/WhatsApp-Image-2023-10-30-at-19.58.15-210x190.jpeg 210w, https:\/\/cefp.in\/wp-content\/uploads\/2023\/10\/WhatsApp-Image-2023-10-30-at-19.58.15-330x298.jpeg 330w, https:\/\/cefp.in\/wp-content\/uploads\/2023\/10\/WhatsApp-Image-2023-10-30-at-19.58.15-250x226.jpeg 250w, https:\/\/cefp.in\/wp-content\/uploads\/2023\/10\/WhatsApp-Image-2023-10-30-at-19.58.15.jpeg 1280w\" sizes=\"(max-width: 300px) 100vw, 300px\" \/><\/p>\n<\/div>\n<p><span style=\"vertical-align: inherit;\"><span style=\"vertical-align: inherit;\"><span style=\"vertical-align: inherit;\"><span style=\"vertical-align: inherit;\"><style id=\"team_free_dynamic_css2298\">#sptp-2298 .sptp-main-carousel .swiper-button-next{color:#aaaaaa;background-color:transparent;border:1px solid #aaaaaa;}#sptp-2298 .sptp-main-carousel .swiper-button-prev{color:#aaaaaa;background-color:transparent;border:1px solid #aaaaaa;}#sptp-2298 .sptp-main-carousel .swiper-button-prev:hover{color:#ffffff;background-color:#63a37b;border-color:#63a37b;}#sptp-2298 .sptp-main-carousel .swiper-button-next:hover{color:#ffffff;background-color:#63a37b;border-color:#63a37b;}#sptp-2298 .swiper-pagination-bullet{background-color:#aaaaaa;}#sptp-2298 .swiper-pagination-bullet-active{background-color:#63a37b;}#sptp-2298 .sptp-main-carousel .sptp-member{margin:0;}#sptp-2298 .sptp-member-avatar-img{border:0px none ;background-color:#FFFFFF;}#sptp-2298 .sptp-member-avatar-img:hover{}#sptp-2298 .sptp-member-name .sptp-member-name-title{color:#333333;}#sptp-2298 .sptp-member-profession .sptp-jop-title{color:#333333;}#sptp-2298 .sptp-member-desc{color:#333333;}#sptp-2298 .sptp-member-social{text-align:center;}#sptp-2298 .sptp-member-social ul{text-align:center;}#sptp-2298 .sptp-member-social li{margin: 0 0 0 0 ;}#sptp-2298 .border-bg-around-member:not(.sptp-content-on-image){border:0px none #ddd;border-radius:0;background-color:transparent;}#sptp-2298 .border-bg-around-member:not(.sptp-content-on-image):hover{border-color:#444;}#sptp-2298 .sp-team-item .sptp-member{margin:12px 12px;padding:0px 0px 0px 0px;}#sptp-2298 .sptp-list-item.sptp-member,#sptp-2298.sptp-section .sptp-member{box-shadow:none;}#sptp-2298 .sptp-list-item.sptp-member,#sptp-2298.sptp-carousel .sptp-member{margin-left:0px ;}#sptp-2298 .sptp-list-item.sptp-member:hover,#sptp-2298.sptp-section .sptp-member:hover{box-shadow:none;}@media screen and (max-width: 480px) {'#sptp-' . 2298 . ' .sptp_nav_hide_on_mobile,'#sptp-' . 2298 . ' .sptp-pagination.sptp_pagination_hide_on_mobile {display: none;}}<\/style><div id=\"sptp-2298\"  class=\"sp-team sptp-carousel sptp-section sptp-new_page top_img_bottom_content\">\n\t\t<div class=\"sptp-page-loading-image\"><\/div>\n\t\t<div class=\"swiper-container sptp-main-carousel top-right\" data-carousel='{\t\t\t\"speed\": 600,\t\t\t\"items\": 4,\t\t\t\"spaceBetween\": 24,\t\t\t\"autoplay\": true,\t\t\t\"autoplay_speed\": 5000,\t\t\t\"loop\": true,\t\t\t\"freeMode\": false,\t\t\t\"autoHeight\": true,\t\t\t\"watchOverflow\": true,\t\t\t\"lazy\": false,\t\t\t\"breakpoints\": {\t\t\t\t\"desktop\": 4,\t\t\t\t\"laptop\": 3,\t\t\t\t\"tablet\": 2,\t\t\t\t\"mobile\": 1,\t\t\t\t\"desktop_pSlide\": 1,\t\t\t\t\"laptop_pSlide\": 1,\t\t\t\t\"tablet_pSlide\": 1,\t\t\t\t\"mobile_pSlide\": 1\t\t\t},\t\t\t\"stop_onhover\": true,\t\t\t\"mouse_wheel\": false,\t\t\t\"allowTouchMove\": true,\t\t\t\"simulateTouch\": true,\t\t\t\"freeMode\": false,\t\t\t\"enabled\": true,\t\t\t\"prevSlideMessage\": \"Previous slide\",\t\t\t\"nextSlideMessage\": \"Next slide\",\t\t\t\"firstSlideMessage\": \"This is the first slide\",\t\t\t\"lastSlideMessage\": \"This is the last slide\",\t\t\t\"paginationBulletMessage\": \"Go to slide {{index}}\"\t\t}'>\n\t\t<div class=\"swiper-wrapper top_img_bottom_content\">\n\t\t\t\t\t\t\t<div class=\"swiper-slide\">\n\t\t\t\t\t<div class=\"sptp-member border-bg-around-member\">\n\t<a class='sptp-member-avatar' href=\"https:\/\/cefp.in\/en\/team\/audrey-pelerin\/\" target=\"_blank\">\n\t<span class=\"sptp-member-avatar-img sptp-square none\">\n\t\t<img decoding=\"async\" src=\"https:\/\/cefp.in\/wp-content\/uploads\/2021\/10\/audrey-pelerin-scaled.jpg\" alt=\"Board of directors\" width=\"2560\" height=\"1707\"\/>\n\t<\/span>\n<\/a>\n<div class=\"sptp-member-name\">\n\t\t<h2 class='sptp-member-name-title'>Audrey Pelerin<\/h2>\n\t<\/div>\n<div class=\"sptp-member-profession\">\n\t\t\t<h4 class=\"sptp-jop-title\">Pr\u00e9sidente<\/h4>\n\t<\/div>\n<div class=\"sptp-member-desc\">\n\t\tJe suis venue m&#8217;installer \u00e0 Pondich\u00e9ry il y a 5 ans pour renouer avec mes racines et \u0153uvrer \u00e0 l&#8217;am\u00e9lioration de l&#8217;environnement dans mon pays d&#8217;origine. Aujourd&#8217;hui, je suis consultant et propose mes services pour aider tous types d&#8217;organisations \u00e0 r\u00e9duire leur empreinte environnementale&#8230;.<\/div>\n<\/div><!-- .sptp-member -->\n\t\t\t\t<\/div>\n\t\t\t\t\t\t\t<div class=\"swiper-slide\">\n\t\t\t\t\t<div class=\"sptp-member border-bg-around-member\">\n\t<a class='sptp-member-avatar' href=\"https:\/\/cefp.in\/en\/team\/anita-de-canaga\/\" target=\"_blank\">\n\t<span class=\"sptp-member-avatar-img sptp-square none\">\n\t\t<img decoding=\"async\" src=\"https:\/\/cefp.in\/wp-content\/uploads\/2021\/10\/Anita-de-Canaga.jpeg\" alt=\"Board of directors\" width=\"771\" height=\"829\"\/>\n\t<\/span>\n<\/a>\n<div class=\"sptp-member-name\">\n\t\t<h2 class='sptp-member-name-title'>Anita De Canaga<\/h2>\n\t<\/div>\n<div class=\"sptp-member-profession\">\n\t\t\t<h4 class=\"sptp-jop-title\">Vice-pr\u00e9sidente<\/h4>\n\t<\/div>\n<div class=\"sptp-member-desc\">\n\t\tJe suis n\u00e9 \u00e0 Pondich\u00e9ry et j&#8217;ai grandi \u00e0 Paris.\r\nApr\u00e8s avoir travaill\u00e9 14 ans \u00e0 Disneyland Paris, j&#8217;ai d\u00e9cid\u00e9 de retourner \u00e0 Pondich\u00e9ry.\r\nLes voyages \u00e9taient ma passion et c&#8217;est ainsi qu&#8217;en 2008 mon entreprise touristique est n\u00e9e.\r\nCurieux et passionn\u00e9 par les diff\u00e9rentes cultures, traditions, cuisine, artisanat, nature etc\u2026.<\/div>\n<\/div><!-- .sptp-member -->\n\t\t\t\t<\/div>\n\t\t\t\t\t\t\t<div class=\"swiper-slide\">\n\t\t\t\t\t<div class=\"sptp-member border-bg-around-member\">\n\t<a class='sptp-member-avatar' href=\"https:\/\/cefp.in\/en\/team\/francisque-lebrunie\/\" target=\"_blank\">\n\t<span class=\"sptp-member-avatar-img sptp-square none\">\n\t\t<img loading=\"lazy\" decoding=\"async\" src=\"https:\/\/cefp.in\/wp-content\/uploads\/2023\/04\/WhatsApp-Image-2022-11-12-at-6.04.22-PM.jpeg\" alt=\"Board of directors\" width=\"350\" height=\"350\"\/>\n\t<\/span>\n<\/a>\n<div class=\"sptp-member-name\">\n\t\t<h2 class='sptp-member-name-title'>Francisque Lebrunie<\/h2>\n\t<\/div>\n<div class=\"sptp-member-profession\">\n\t\t\t<h4 class=\"sptp-jop-title\"> Vice-Pr\u00e9sident<\/h4>\n\t<\/div>\n<div class=\"sptp-member-desc\">\n\t\tJ&#8217;ai d\u00e9m\u00e9nag\u00e9 \u00e0 Pondich\u00e9ry en 2021 pour revenir aux sources de mes origines mais surtout pour vivre de pr\u00e8s la croissance explosive de la tech en Inde.\r\n\r\nVenture Partner Inde &amp; Asie de SUPER CAPITAL VC, je suis en charge des op\u00e9rations du groupe sur le continent asiatique&#8230;.<\/div>\n<\/div><!-- .sptp-member -->\n\t\t\t\t<\/div>\n\t\t\t\t\t\t\t<div class=\"swiper-slide\">\n\t\t\t\t\t<div class=\"sptp-member border-bg-around-member\">\n\t<a class='sptp-member-avatar' href=\"https:\/\/cefp.in\/en\/team\/gunasekar-g\/\" target=\"_blank\">\n\t<span class=\"sptp-member-avatar-img sptp-square none\">\n\t\t<img loading=\"lazy\" decoding=\"async\" src=\"https:\/\/cefp.in\/wp-content\/uploads\/2021\/10\/Gunasekar-G.jpeg\" alt=\"Board of directors\" width=\"451\" height=\"596\"\/>\n\t<\/span>\n<\/a>\n<div class=\"sptp-member-name\">\n\t\t<h2 class='sptp-member-name-title'>Gunasekar G<\/h2>\n\t<\/div>\n<div class=\"sptp-member-profession\">\n\t\t\t<h4 class=\"sptp-jop-title\">Tr\u00e9sorier<\/h4>\n\t<\/div>\n<div class=\"sptp-member-desc\">\n\t\tBas\u00e9 \u00e0 Pondich\u00e9ry depuis 1998 apr\u00e8s avoir pass\u00e9 17 ans \u00e0 Paris.\r\n\r\nAssoci\u00e9 d&#8217;un restaurant multi-cuisine DE BUSSY depuis 22 ans avec une soixantaine de salari\u00e9s&#8230;.\r\n<\/div>\n<\/div><!-- .sptp-member -->\n\t\t\t\t<\/div>\n\t\t\t\t\t\t\t<div class=\"swiper-slide\">\n\t\t\t\t\t<div class=\"sptp-member border-bg-around-member\">\n\t<a class='sptp-member-avatar' href=\"https:\/\/cefp.in\/en\/team\/sandhya-bonnet\/\" target=\"_blank\">\n\t<span class=\"sptp-member-avatar-img sptp-square none\">\n\t\t<img loading=\"lazy\" decoding=\"async\" src=\"https:\/\/cefp.in\/wp-content\/uploads\/2023\/11\/Sandhya-B.png\" alt=\"Board of directors\" width=\"1368\" height=\"1760\"\/>\n\t<\/span>\n<\/a>\n<div class=\"sptp-member-name\">\n\t\t<h2 class='sptp-member-name-title'>Sandhya Bonnet<\/h2>\n\t<\/div>\n<div class=\"sptp-member-profession\">\n\t\t\t<h4 class=\"sptp-jop-title\">Secr\u00e9taire g\u00e9n\u00e9rale<\/h4>\n\t<\/div>\n<div class=\"sptp-member-desc\">\n\t\tCoach de vie intuitive (certifi\u00e9e), active dans les domaines du d\u00e9veloppement personnel et de l\u2019entrepreneuriat depuis pr\u00e8s de 10 ans.\r\n\r\nLe bien-\u00eatre psychologique de chacun au sein de notre soci\u00e9t\u00e9 et dans l\u2019aventure entrepreneuriale me passionne particuli\u00e8rement&#8230;.<\/div>\n<\/div><!-- .sptp-member -->\n\t\t\t\t<\/div>\n\t\t\t\t\t\t\t<div class=\"swiper-slide\">\n\t\t\t\t\t<div class=\"sptp-member border-bg-around-member\">\n\t<a class='sptp-member-avatar' href=\"https:\/\/cefp.in\/en\/team\/segiyane-sylvain-paquiry\/\" target=\"_blank\">\n\t<span class=\"sptp-member-avatar-img sptp-square none\">\n\t\t<img loading=\"lazy\" decoding=\"async\" src=\"https:\/\/cefp.in\/wp-content\/uploads\/2023\/11\/WhatsApp-Image-2023-11-20-at-14.49.43.jpeg\" alt=\"Board of directors\" width=\"659\" height=\"494\"\/>\n\t<\/span>\n<\/a>\n<div class=\"sptp-member-name\">\n\t\t<h2 class='sptp-member-name-title'>Segiyane Sylvain Paquiry<\/h2>\n\t<\/div>\n<div class=\"sptp-member-profession\">\n\t\t\t<h4 class=\"sptp-jop-title\">Membre du Conseil d&#039;Administration<\/h4>\n\t<\/div>\n<div class=\"sptp-member-desc\">\n\t\tJe suis le directeur g\u00e9n\u00e9ral de Villa Shanti, La Villa et The Spot \u00e0 Pondich\u00e9ry. Je suis un &#8220;Slow Entrepreneur&#8221; qui se concentre sur l&#8217;alimentation, le design et la culture \u00e0 Pondich\u00e9ry.<\/div>\n<\/div><!-- .sptp-member -->\n\t\t\t\t<\/div>\n\t\t\t\t\t\t\t<div class=\"swiper-slide\">\n\t\t\t\t\t<div class=\"sptp-member border-bg-around-member\">\n\t<a class='sptp-member-avatar' href=\"https:\/\/cefp.in\/en\/team\/gopady-pajaniradja\/\" target=\"_blank\">\n\t<span class=\"sptp-member-avatar-img sptp-square none\">\n\t\t<img loading=\"lazy\" decoding=\"async\" src=\"https:\/\/cefp.in\/wp-content\/uploads\/2021\/10\/Gopady-PAJANIRADJA.jpeg\" alt=\"Board of directors\" width=\"712\" height=\"1072\"\/>\n\t<\/span>\n<\/a>\n<div class=\"sptp-member-name\">\n\t\t<h2 class='sptp-member-name-title'>Gopady Pajaniradja<\/h2>\n\t<\/div>\n<div class=\"sptp-member-profession\">\n\t\t\t<h4 class=\"sptp-jop-title\">Membre du Conseil d&#039;administration<\/h4>\n\t<\/div>\n<div class=\"sptp-member-desc\">\n\t\tAncien \u00e9l\u00e8ve du Lyc\u00e9e Fran\u00e7ais de Pondich\u00e9ry, j&#8217;ai quitt\u00e9 l&#8217;Inde en 1996 pour la France.\r\n\r\nAimant le contact humain, j&#8217;ai travaill\u00e9 dans le monde a\u00e9roportuaire, notamment chez Air France jusqu&#8217;\u00e0 mon retour en Inde en 2015. &#8230;.<\/div>\n<\/div><!-- .sptp-member -->\n\t\t\t\t<\/div>\n\t\t\t\t\t<\/div>\n\t\t\t\t\t<div class=\"sptp-pagination swiper-pagination\"><\/div>\n\t\t\t\t\t\t\t<div class=\"sptp-button-next swiper-button-next top-right\"><i class=\"fa fa-angle-right\"><\/i><\/div>\n\t\t\t<div class=\"sptp-button-prev swiper-button-prev top-right\"><i class=\"fa fa-angle-left\"><\/i><\/div>\n\t\t\t<\/div>\n<\/div>\n<\/span><\/span><\/span><\/span><\/p>\n<div class=\"gb-container-content\" style=\"max-width: 700px;\">\n<p class=\"has-text-align-center\">\u00a0<\/p>\n<\/div>\n<\/div>\n<\/div>\n<\/div>\n<\/div>\n<!-- \/wp:genesis-blocks\/gb-column --><\/div>\n<\/div>\n<p><\/p><\/div><\/div><\/div><\/div><\/div> <a href=\"https:\/\/cefp.in\/en\/a-propos\/#more-950\" class=\"more-link elementor-more-link\"><span aria-label=\"Continue reading Nos missions\">(more&hellip;)<\/span><\/a>","protected":false},"excerpt":{"rendered":"<p>LE CEFP EN BREF \u00c0 propos du CEFPFond\u00e9 en novembre 2017 par M. Lo\u00efc Fremont de l\u2019association &#8220;Si tous les ports du monde&#8221; de Saint-Malo et un groupe de chefs [&hellip;]<\/p>","protected":false},"author":1,"featured_media":0,"parent":0,"menu_order":0,"comment_status":"closed","ping_status":"closed","template":"","meta":{"_EventAllDay":false,"_EventTimezone":"","_EventStartDate":"","_EventEndDate":"","_EventStartDateUTC":"","_EventEndDateUTC":"","_EventShowMap":false,"_EventShowMapLink":false,"_EventURL":"","_EventCost":"","_EventCostDescription":"","_EventCurrencySymbol":"","_EventCurrencyCode":"","_EventCurrencyPosition":"","_EventDateTimeSeparator":"","_EventTimeRangeSeparator":"","_EventOrganizerID":[],"_EventVenueID":[],"_OrganizerEmail":"","_OrganizerPhone":"","_OrganizerWebsite":"","_VenueAddress":"","_VenueCity":"","_VenueCountry":"","_VenueProvince":"","_VenueState":"","_VenueZip":"","_VenuePhone":"","_VenueURL":"","_VenueStateProvince":"","_VenueLat":"","_VenueLng":"","_VenueShowMap":false,"_VenueShowMapLink":false,"footnotes":""},"class_list":["post-950","page","type-page","status-publish","hentry"],"yoast_head":"<!-- This site is optimized with the Yoast SEO plugin v27.5 - https:\/\/yoast.com\/product\/yoast-seo-wordpress\/ -->\n<title>Nos missions - CEFP<\/title>\n<meta name=\"robots\" content=\"index, follow, max-snippet:-1, max-image-preview:large, max-video-preview:-1\" \/>\n<link rel=\"canonical\" href=\"https:\/\/cefp.in\/en\/a-propos\/\" \/>\n<meta property=\"og:locale\" content=\"en_GB\" \/>\n<meta property=\"og:type\" content=\"article\" \/>\n<meta property=\"og:title\" content=\"Nos missions - CEFP\" \/>\n<meta property=\"og:description\" content=\"LE CEFP EN BREF \u00c0 propos du CEFPFond\u00e9 en novembre 2017 par M. Lo\u00efc Fremont de l\u2019association &#8220;Si tous les ports du monde&#8221; de Saint-Malo et un groupe de chefs [&hellip;]\" \/>\n<meta property=\"og:url\" content=\"https:\/\/cefp.in\/en\/a-propos\/\" \/>\n<meta property=\"og:site_name\" content=\"CEFP\" \/>\n<meta property=\"article:modified_time\" content=\"2025-07-24T08:12:46+00:00\" \/>\n<meta property=\"og:image\" content=\"https:\/\/cefp.in\/wp-content\/uploads\/2023\/10\/WhatsApp-Image-2023-10-30-at-19.58.15.jpeg\" \/>\n\t<meta property=\"og:image:width\" content=\"1280\" \/>\n\t<meta property=\"og:image:height\" content=\"1156\" \/>\n\t<meta property=\"og:image:type\" content=\"image\/jpeg\" \/>\n<meta name=\"twitter:card\" content=\"summary_large_image\" \/>\n<meta name=\"twitter:label1\" content=\"Estimated reading time\" \/>\n\t<meta name=\"twitter:data1\" content=\"4 minutes\" \/>\n<script type=\"application\/ld+json\" class=\"yoast-schema-graph\">{\"@context\":\"https:\\\/\\\/schema.org\",\"@graph\":[{\"@type\":\"WebPage\",\"@id\":\"https:\\\/\\\/cefp.in\\\/a-propos\\\/\",\"url\":\"https:\\\/\\\/cefp.in\\\/a-propos\\\/\",\"name\":\"Nos missions - CEFP\",\"isPartOf\":{\"@id\":\"https:\\\/\\\/cefp.in\\\/#website\"},\"primaryImageOfPage\":{\"@id\":\"https:\\\/\\\/cefp.in\\\/a-propos\\\/#primaryimage\"},\"image\":{\"@id\":\"https:\\\/\\\/cefp.in\\\/a-propos\\\/#primaryimage\"},\"thumbnailUrl\":\"https:\\\/\\\/cefp.in\\\/wp-content\\\/uploads\\\/2023\\\/10\\\/WhatsApp-Image-2023-10-30-at-19.58.15-300x271.jpeg\",\"datePublished\":\"2021-10-20T18:51:55+00:00\",\"dateModified\":\"2025-07-24T08:12:46+00:00\",\"breadcrumb\":{\"@id\":\"https:\\\/\\\/cefp.in\\\/a-propos\\\/#breadcrumb\"},\"inLanguage\":\"en-GB\",\"potentialAction\":[{\"@type\":\"ReadAction\",\"target\":[\"https:\\\/\\\/cefp.in\\\/a-propos\\\/\"]}]},{\"@type\":\"ImageObject\",\"inLanguage\":\"en-GB\",\"@id\":\"https:\\\/\\\/cefp.in\\\/a-propos\\\/#primaryimage\",\"url\":\"https:\\\/\\\/cefp.in\\\/wp-content\\\/uploads\\\/2023\\\/10\\\/WhatsApp-Image-2023-10-30-at-19.58.15-300x271.jpeg\",\"contentUrl\":\"https:\\\/\\\/cefp.in\\\/wp-content\\\/uploads\\\/2023\\\/10\\\/WhatsApp-Image-2023-10-30-at-19.58.15-300x271.jpeg\"},{\"@type\":\"BreadcrumbList\",\"@id\":\"https:\\\/\\\/cefp.in\\\/a-propos\\\/#breadcrumb\",\"itemListElement\":[{\"@type\":\"ListItem\",\"position\":1,\"name\":\"Accueil\",\"item\":\"https:\\\/\\\/cefp.in\\\/fr\\\/\"},{\"@type\":\"ListItem\",\"position\":2,\"name\":\"Nos missions\"}]},{\"@type\":\"WebSite\",\"@id\":\"https:\\\/\\\/cefp.in\\\/#website\",\"url\":\"https:\\\/\\\/cefp.in\\\/\",\"name\":\"CEFP\",\"description\":\"Club des Entrepreneurs Fran\u00e7ais de Pondich\u00e9ry\",\"potentialAction\":[{\"@type\":\"SearchAction\",\"target\":{\"@type\":\"EntryPoint\",\"urlTemplate\":\"https:\\\/\\\/cefp.in\\\/?s={search_term_string}\"},\"query-input\":{\"@type\":\"PropertyValueSpecification\",\"valueRequired\":true,\"valueName\":\"search_term_string\"}}],\"inLanguage\":\"en-GB\"}]}<\/script>\n<!-- \/ Yoast SEO plugin. -->","yoast_head_json":{"title":"Nos missions - CEFP","robots":{"index":"index","follow":"follow","max-snippet":"max-snippet:-1","max-image-preview":"max-image-preview:large","max-video-preview":"max-video-preview:-1"},"canonical":"https:\/\/cefp.in\/en\/a-propos\/","og_locale":"en_GB","og_type":"article","og_title":"Nos missions - CEFP","og_description":"LE CEFP EN BREF \u00c0 propos du CEFPFond\u00e9 en novembre 2017 par M. Lo\u00efc Fremont de l\u2019association &#8220;Si tous les ports du monde&#8221; de Saint-Malo et un groupe de chefs [&hellip;]","og_url":"https:\/\/cefp.in\/en\/a-propos\/","og_site_name":"CEFP","article_modified_time":"2025-07-24T08:12:46+00:00","og_image":[{"width":1280,"height":1156,"url":"https:\/\/cefp.in\/wp-content\/uploads\/2023\/10\/WhatsApp-Image-2023-10-30-at-19.58.15.jpeg","type":"image\/jpeg"}],"twitter_card":"summary_large_image","twitter_misc":{"Estimated reading time":"4 minutes"},"schema":{"@context":"https:\/\/schema.org","@graph":[{"@type":"WebPage","@id":"https:\/\/cefp.in\/a-propos\/","url":"https:\/\/cefp.in\/a-propos\/","name":"Nos missions - CEFP","isPartOf":{"@id":"https:\/\/cefp.in\/#website"},"primaryImageOfPage":{"@id":"https:\/\/cefp.in\/a-propos\/#primaryimage"},"image":{"@id":"https:\/\/cefp.in\/a-propos\/#primaryimage"},"thumbnailUrl":"https:\/\/cefp.in\/wp-content\/uploads\/2023\/10\/WhatsApp-Image-2023-10-30-at-19.58.15-300x271.jpeg","datePublished":"2021-10-20T18:51:55+00:00","dateModified":"2025-07-24T08:12:46+00:00","breadcrumb":{"@id":"https:\/\/cefp.in\/a-propos\/#breadcrumb"},"inLanguage":"en-GB","potentialAction":[{"@type":"ReadAction","target":["https:\/\/cefp.in\/a-propos\/"]}]},{"@type":"ImageObject","inLanguage":"en-GB","@id":"https:\/\/cefp.in\/a-propos\/#primaryimage","url":"https:\/\/cefp.in\/wp-content\/uploads\/2023\/10\/WhatsApp-Image-2023-10-30-at-19.58.15-300x271.jpeg","contentUrl":"https:\/\/cefp.in\/wp-content\/uploads\/2023\/10\/WhatsApp-Image-2023-10-30-at-19.58.15-300x271.jpeg"},{"@type":"BreadcrumbList","@id":"https:\/\/cefp.in\/a-propos\/#breadcrumb","itemListElement":[{"@type":"ListItem","position":1,"name":"Accueil","item":"https:\/\/cefp.in\/fr\/"},{"@type":"ListItem","position":2,"name":"Nos missions"}]},{"@type":"WebSite","@id":"https:\/\/cefp.in\/#website","url":"https:\/\/cefp.in\/","name":"CEFP","description":"Club des Entrepreneurs Fran\u00e7ais de Pondich\u00e9ry","potentialAction":[{"@type":"SearchAction","target":{"@type":"EntryPoint","urlTemplate":"https:\/\/cefp.in\/?s={search_term_string}"},"query-input":{"@type":"PropertyValueSpecification","valueRequired":true,"valueName":"search_term_string"}}],"inLanguage":"en-GB"}]}},"featured_image_src":null,"featured_image_src_square":null,"_links":{"self":[{"href":"https:\/\/cefp.in\/en\/wp-json\/wp\/v2\/pages\/950","targetHints":{"allow":["GET"]}}],"collection":[{"href":"https:\/\/cefp.in\/en\/wp-json\/wp\/v2\/pages"}],"about":[{"href":"https:\/\/cefp.in\/en\/wp-json\/wp\/v2\/types\/page"}],"author":[{"embeddable":true,"href":"https:\/\/cefp.in\/en\/wp-json\/wp\/v2\/users\/1"}],"replies":[{"embeddable":true,"href":"https:\/\/cefp.in\/en\/wp-json\/wp\/v2\/comments?post=950"}],"version-history":[{"count":79,"href":"https:\/\/cefp.in\/en\/wp-json\/wp\/v2\/pages\/950\/revisions"}],"predecessor-version":[{"id":4014,"href":"https:\/\/cefp.in\/en\/wp-json\/wp\/v2\/pages\/950\/revisions\/4014"}],"wp:attachment":[{"href":"https:\/\/cefp.in\/en\/wp-json\/wp\/v2\/media?parent=950"}],"curies":[{"name":"wp","href":"https:\/\/api.w.org\/{rel}","templated":true}]}}